{"id":9152,"date":"2026-08-15T12:00:00","date_gmt":"2026-08-15T10:00:00","guid":{"rendered":"https:\/\/vicusalbus.org\/?page_id=9152"},"modified":"2026-08-15T12:00:00","modified_gmt":"2026-08-15T10:00:00","slug":"prehistoria","status":"publish","type":"page","link":"https:\/\/vicusalbus.org\/?page_id=9152","title":{"rendered":"Prehistoria"},"content":{"rendered":"<h2>Los or\u00edgenes<\/h2>\n<p>Para poder entender los or\u00edgenes de Vic\u00e1lvaro, es importante tener en cuenta que el periodo prehist\u00f3rico del que estamos hablando estuvo marcado por lo que hoy se conoce como el \u00abglaciarismo\u00bb. Un periodo de un fr\u00edo tan extremo que gener\u00f3, en toda el \u00e1rea del actual Madrid, altas cumbres de hielo. Como consecuencia, la fauna de entonces era completamente diferente, haciendo del d\u00eda a d\u00eda del ser humano paleol\u00edtico una constante lucha con especies peligrosas, como los osos que invad\u00edan sus cuevas.<\/p>\n<p>A este periodo le sigui\u00f3 el Neol\u00edtico, una etapa en la que tiene lugar un importante cambio en nuestro modo de vida: el descubrimiento de la domesticaci\u00f3n de los animales, la agricultura y la t\u00e9cnica con la que el ser humano comienza a construir sus nuevas herramientas.<\/p>\n<p>Fue m\u00e1s adelante, con la llegada de la Edad de los Metales, cuando comienza a tener lugar el emparejamiento de los \u00edberos (la cultura aut\u00f3ctona de la zona) con los celtas, que comenzaron a emigrar hacia el interior de la provincia estableci\u00e9ndose alrededor de los muchos arroyos que la componen. Es esta abundancia de agua la que facilit\u00f3 que, en una \u00e9poca en la que no exist\u00eda forma de almacenarla hasta la creaci\u00f3n de la cer\u00e1mica, los seres humanos pudiesen abastecerse de ella durante todo el a\u00f1o.<\/p>\n<p>Sin embargo, es en el famoso cerro de Almod\u00f3var y en las canteras de sepiolita donde volvemos a encontrar rastro de antiguas civilizaciones pertenecientes a la Edad de Bronce y a la Edad de Hierro.<\/p>\n<h2>Primeros escritos<\/h2>\n<p>Por desgracia, con el paso de los siglos se han ido perdiendo muchos de los documentos que registran gran parte de la historia de Vic\u00e1lvaro. Por lo que no es hasta el a\u00f1o 1352 que se posee un escrito en el que se le mencione.<\/p>\n<p>Este primer documento datado que poseemos en el museo es el pergamino en el que aparecen escritos los nombres de Asensio Mart\u00edn y su esposa Luc\u00eda, los dos primeros vecinos vicalvare\u00f1os que deciden hacer una donaci\u00f3n a un convento del pueblo de Rejas, un pueblo actualmente desaparecido.<\/p>\n<p>A pesar de no poseer ning\u00fan documento anterior a este, existen diversas pruebas que demuestran que la vida en Vic\u00e1lvaro era mucho m\u00e1s antigua. En primer lugar, Vic\u00e1lvaro fue una de las \u00faltimas aldeas que se comenzaron a repoblar una vez Madrid fue reconquistado por los cristianos en 1085. Este periodo de repoblaci\u00f3n tuvo lugar entre los a\u00f1os de 1126 y 1365. En segundo lugar, aunque no se posee ning\u00fan documento escrito previo a 1372, s\u00ed tenemos conocimiento y pruebas de otras zonas de alrededor, como Moratalaz, Ambroz o Carantona, que m\u00e1s adelante pasar\u00e1n a formar parte del t\u00e9rmino de Vic\u00e1lvaro.<\/p>\n<h2>El nombre de \u00abVic\u00e1lvaro\u00bb<\/h2>\n<p>A d\u00eda de hoy no se sabe con plena certeza el origen de la palabra que da nombre al d\u00e9cimo noveno distrito de Madrid. Sin embargo, la versi\u00f3n m\u00e1s aceptada proviene de la palabra \u00abVicus\u00bb, que en lat\u00edn significa: aldea, barrio o hacienda.<\/p>\n<p>A partir de esta part\u00edcula aparecen dos hip\u00f3tesis sobre el origen del nombre. Por un lado se plantea \u00abVICUS ALVAR\u00bb (lugar o casa de campo de Alvar), en el hipot\u00e9tico caso de que Vic\u00e1lvaro consistiese, en sus inicios, en un caser\u00edo particular. Y por otro lado, \u00abVICUS ALBUS\u00bb (lugar blanco), que podr\u00edamos asociar a las canteras de yeso que se empezaron a explotar en el siglo XVI y que cubr\u00edan los terrenos de un color blanquecino.<\/p>\n<p>En el siglo XIV, el nombre fue traducido del lat\u00edn al castellano de tres maneras diferentes: Vicalvaro, Vicalbaro y Bicalvaro.<\/p>\n<h2>Galer\u00eda<\/h2>\n<div class=\"va-content-gallery\">\n<figure class=\"wp-block-image size-large\"><img decoding=\"async\" src=\"https:\/\/framerusercontent.com\/images\/gFUYm9Q39IG3emrMRHAyBkO1XpA.jpg\" alt=\"\" loading=\"lazy\"\/><\/figure>\n<figure class=\"wp-block-image size-large\"><img decoding=\"async\" src=\"https:\/\/framerusercontent.com\/images\/YlrwueRlZH0vaQQ6bQJlnhDx0kg.jpg\" alt=\"\" loading=\"lazy\"\/><\/figure>\n<figure class=\"wp-block-image size-large\"><img decoding=\"async\" src=\"https:\/\/framerusercontent.com\/images\/ltleAzCrwou5UyZmAci843ZmBY.jpg\" alt=\"\" loading=\"lazy\"\/><\/figure>\n<figure class=\"wp-block-image size-large\"><img decoding=\"async\" src=\"https:\/\/framerusercontent.com\/images\/7T7P4PQEht1ouyFHFqChMhOZRQ.jpg\" alt=\"\" loading=\"lazy\"\/><\/figure>\n<figure class=\"wp-block-image size-large\"><img decoding=\"async\" src=\"https:\/\/framerusercontent.com\/images\/inm2SQsFHcET8IQJIUAhBL40.jpg\" alt=\"\" loading=\"lazy\"\/><\/figure>\n<figure class=\"wp-block-image size-large\"><img decoding=\"async\" src=\"https:\/\/framerusercontent.com\/images\/FaC14TTbfqKwd6x6nQ9L0WpUSU.jpg\" alt=\"\" loading=\"lazy\"\/><\/figure>\n<figure class=\"wp-block-image size-large\"><img decoding=\"async\" src=\"https:\/\/framerusercontent.com\/images\/i9HNhVra2VV8EvYn4rSm1NdWIw.jpg\" alt=\"\" loading=\"lazy\"\/><\/figure>\n<figure class=\"wp-block-image size-large\"><img decoding=\"async\" src=\"https:\/\/framerusercontent.com\/images\/GZXhoS0AZKh2GdCu68Zj3priYqM.jpg\" alt=\"\" loading=\"lazy\"\/><\/figure>\n<figure class=\"wp-block-image size-large\"><img decoding=\"async\" src=\"https:\/\/framerusercontent.com\/images\/qqAXJUdHNicn6bikCI1nXwwmR5g.jpg\" alt=\"\" loading=\"lazy\"\/><\/figure>\n<figure class=\"wp-block-image size-large\"><img decoding=\"async\" src=\"https:\/\/framerusercontent.com\/images\/lcs67qLDJ8CvGTs658T5vx7LlY.jpg\" alt=\"\" loading=\"lazy\"\/><\/figure>\n<\/div>\n","protected":false},"excerpt":{"rendered":"<p>Los or\u00edgenes Para poder entender los or\u00edgenes de Vic\u00e1lvaro, es importante tener en cuenta que el periodo prehist\u00f3rico del que estamos hablando estuvo marcado por lo que hoy\u2026<\/p>\n","protected":false},"author":2,"featured_media":0,"parent":0,"menu_order":201,"comment_status":"closed","ping_status":"closed","template":"","meta":{"two_page_speed":[],"footnotes":""},"class_list":["post-9152","page","type-page","status-publish","hentry"],"yoast_head":"<!-- This site is optimized with the Yoast SEO plugin v28.3 - https:\/\/yoast.com\/product\/yoast-seo-wordpress\/ -->\n<title>Prehistoria - Asociaci\u00f3n Vicus Albus<\/title>\n<meta name=\"robots\" content=\"index, follow, max-snippet:-1, max-image-preview:large, max-video-preview:-1\" \/>\n<link rel=\"canonical\" href=\"https:\/\/vicusalbus.org\/?page_id=9152\" \/>\n<meta property=\"og:locale\" content=\"es_ES\" \/>\n<meta property=\"og:type\" content=\"article\" \/>\n<meta property=\"og:title\" content=\"Prehistoria - Asociaci\u00f3n Vicus Albus\" \/>\n<meta property=\"og:description\" content=\"Los or\u00edgenes Para poder entender los or\u00edgenes de Vic\u00e1lvaro, es importante tener en cuenta que el periodo prehist\u00f3rico del que estamos hablando estuvo marcado por lo que hoy\u2026\" \/>\n<meta property=\"og:url\" content=\"https:\/\/vicusalbus.org\/?page_id=9152\" \/>\n<meta property=\"og:site_name\" content=\"Asociaci\u00f3n Vicus Albus\" \/>\n<meta property=\"og:image\" content=\"https:\/\/framerusercontent.com\/images\/gFUYm9Q39IG3emrMRHAyBkO1XpA.jpg\" \/>\n<meta name=\"twitter:card\" content=\"summary_large_image\" \/>\n<meta name=\"twitter:label1\" content=\"Tiempo de lectura\" \/>\n\t<meta name=\"twitter:data1\" content=\"3 minutos\" \/>\n<script type=\"application\/ld+json\" class=\"yoast-schema-graph\">{\"@context\":\"https:\\\/\\\/schema.org\",\"@graph\":[{\"@type\":\"WebPage\",\"@id\":\"https:\\\/\\\/vicusalbus.org\\\/?page_id=9152\",\"url\":\"https:\\\/\\\/vicusalbus.org\\\/?page_id=9152\",\"name\":\"Prehistoria - Asociaci\u00f3n Vicus Albus\",\"isPartOf\":{\"@id\":\"https:\\\/\\\/vicusalbus.org\\\/#website\"},\"primaryImageOfPage\":{\"@id\":\"https:\\\/\\\/vicusalbus.org\\\/?page_id=9152#primaryimage\"},\"image\":{\"@id\":\"https:\\\/\\\/vicusalbus.org\\\/?page_id=9152#primaryimage\"},\"thumbnailUrl\":\"https:\\\/\\\/framerusercontent.com\\\/images\\\/gFUYm9Q39IG3emrMRHAyBkO1XpA.jpg\",\"datePublished\":\"2026-08-15T10:00:00+00:00\",\"breadcrumb\":{\"@id\":\"https:\\\/\\\/vicusalbus.org\\\/?page_id=9152#breadcrumb\"},\"inLanguage\":\"es\",\"potentialAction\":[{\"@type\":\"ReadAction\",\"target\":[\"https:\\\/\\\/vicusalbus.org\\\/?page_id=9152\"]}]},{\"@type\":\"ImageObject\",\"inLanguage\":\"es\",\"@id\":\"https:\\\/\\\/vicusalbus.org\\\/?page_id=9152#primaryimage\",\"url\":\"https:\\\/\\\/framerusercontent.com\\\/images\\\/gFUYm9Q39IG3emrMRHAyBkO1XpA.jpg\",\"contentUrl\":\"https:\\\/\\\/framerusercontent.com\\\/images\\\/gFUYm9Q39IG3emrMRHAyBkO1XpA.jpg\"},{\"@type\":\"BreadcrumbList\",\"@id\":\"https:\\\/\\\/vicusalbus.org\\\/?page_id=9152#breadcrumb\",\"itemListElement\":[{\"@type\":\"ListItem\",\"position\":1,\"name\":\"Portada\",\"item\":\"https:\\\/\\\/vicusalbus.org\\\/\"},{\"@type\":\"ListItem\",\"position\":2,\"name\":\"Prehistoria\"}]},{\"@type\":\"WebSite\",\"@id\":\"https:\\\/\\\/vicusalbus.org\\\/#website\",\"url\":\"https:\\\/\\\/vicusalbus.org\\\/\",\"name\":\"Asociaci\u00f3n Vicus Albus\",\"description\":\"\",\"publisher\":{\"@id\":\"https:\\\/\\\/vicusalbus.org\\\/#organization\"},\"potentialAction\":[{\"@type\":\"SearchAction\",\"target\":{\"@type\":\"EntryPoint\",\"urlTemplate\":\"https:\\\/\\\/vicusalbus.org\\\/?s={search_term_string}\"},\"query-input\":{\"@type\":\"PropertyValueSpecification\",\"valueRequired\":true,\"valueName\":\"search_term_string\"}}],\"inLanguage\":\"es\"},{\"@type\":\"Organization\",\"@id\":\"https:\\\/\\\/vicusalbus.org\\\/#organization\",\"name\":\"Asociaci\u00f3n Vicus Albus\",\"url\":\"https:\\\/\\\/vicusalbus.org\\\/\",\"logo\":{\"@type\":\"ImageObject\",\"inLanguage\":\"es\",\"@id\":\"https:\\\/\\\/vicusalbus.org\\\/#\\\/schema\\\/logo\\\/image\\\/\",\"url\":\"https:\\\/\\\/vicusalbus.org\\\/wp-content\\\/uploads\\\/2024\\\/06\\\/logo.jpg\",\"contentUrl\":\"https:\\\/\\\/vicusalbus.org\\\/wp-content\\\/uploads\\\/2024\\\/06\\\/logo.jpg\",\"width\":333,\"height\":100,\"caption\":\"Asociaci\u00f3n Vicus Albus\"},\"image\":{\"@id\":\"https:\\\/\\\/vicusalbus.org\\\/#\\\/schema\\\/logo\\\/image\\\/\"}}]}<\/script>\n<!-- \/ Yoast SEO plugin. -->","yoast_head_json":{"title":"Prehistoria - Asociaci\u00f3n Vicus Albus","robots":{"index":"index","follow":"follow","max-snippet":"max-snippet:-1","max-image-preview":"max-image-preview:large","max-video-preview":"max-video-preview:-1"},"canonical":"https:\/\/vicusalbus.org\/?page_id=9152","og_locale":"es_ES","og_type":"article","og_title":"Prehistoria - Asociaci\u00f3n Vicus Albus","og_description":"Los or\u00edgenes Para poder entender los or\u00edgenes de Vic\u00e1lvaro, es importante tener en cuenta que el periodo prehist\u00f3rico del que estamos hablando estuvo marcado por lo que hoy\u2026","og_url":"https:\/\/vicusalbus.org\/?page_id=9152","og_site_name":"Asociaci\u00f3n Vicus Albus","og_image":[{"url":"https:\/\/framerusercontent.com\/images\/gFUYm9Q39IG3emrMRHAyBkO1XpA.jpg","type":"","width":"","height":""}],"twitter_card":"summary_large_image","twitter_misc":{"Tiempo de lectura":"3 minutos"},"schema":{"@context":"https:\/\/schema.org","@graph":[{"@type":"WebPage","@id":"https:\/\/vicusalbus.org\/?page_id=9152","url":"https:\/\/vicusalbus.org\/?page_id=9152","name":"Prehistoria - Asociaci\u00f3n Vicus Albus","isPartOf":{"@id":"https:\/\/vicusalbus.org\/#website"},"primaryImageOfPage":{"@id":"https:\/\/vicusalbus.org\/?page_id=9152#primaryimage"},"image":{"@id":"https:\/\/vicusalbus.org\/?page_id=9152#primaryimage"},"thumbnailUrl":"https:\/\/framerusercontent.com\/images\/gFUYm9Q39IG3emrMRHAyBkO1XpA.jpg","datePublished":"2026-08-15T10:00:00+00:00","breadcrumb":{"@id":"https:\/\/vicusalbus.org\/?page_id=9152#breadcrumb"},"inLanguage":"es","potentialAction":[{"@type":"ReadAction","target":["https:\/\/vicusalbus.org\/?page_id=9152"]}]},{"@type":"ImageObject","inLanguage":"es","@id":"https:\/\/vicusalbus.org\/?page_id=9152#primaryimage","url":"https:\/\/framerusercontent.com\/images\/gFUYm9Q39IG3emrMRHAyBkO1XpA.jpg","contentUrl":"https:\/\/framerusercontent.com\/images\/gFUYm9Q39IG3emrMRHAyBkO1XpA.jpg"},{"@type":"BreadcrumbList","@id":"https:\/\/vicusalbus.org\/?page_id=9152#breadcrumb","itemListElement":[{"@type":"ListItem","position":1,"name":"Portada","item":"https:\/\/vicusalbus.org\/"},{"@type":"ListItem","position":2,"name":"Prehistoria"}]},{"@type":"WebSite","@id":"https:\/\/vicusalbus.org\/#website","url":"https:\/\/vicusalbus.org\/","name":"Asociaci\u00f3n Vicus Albus","description":"","publisher":{"@id":"https:\/\/vicusalbus.org\/#organization"},"potentialAction":[{"@type":"SearchAction","target":{"@type":"EntryPoint","urlTemplate":"https:\/\/vicusalbus.org\/?s={search_term_string}"},"query-input":{"@type":"PropertyValueSpecification","valueRequired":true,"valueName":"search_term_string"}}],"inLanguage":"es"},{"@type":"Organization","@id":"https:\/\/vicusalbus.org\/#organization","name":"Asociaci\u00f3n Vicus Albus","url":"https:\/\/vicusalbus.org\/","logo":{"@type":"ImageObject","inLanguage":"es","@id":"https:\/\/vicusalbus.org\/#\/schema\/logo\/image\/","url":"https:\/\/vicusalbus.org\/wp-content\/uploads\/2024\/06\/logo.jpg","contentUrl":"https:\/\/vicusalbus.org\/wp-content\/uploads\/2024\/06\/logo.jpg","width":333,"height":100,"caption":"Asociaci\u00f3n Vicus Albus"},"image":{"@id":"https:\/\/vicusalbus.org\/#\/schema\/logo\/image\/"}}]}},"_links":{"self":[{"href":"https:\/\/vicusalbus.org\/index.php?rest_route=\/wp\/v2\/pages\/9152","targetHints":{"allow":["GET"]}}],"collection":[{"href":"https:\/\/vicusalbus.org\/index.php?rest_route=\/wp\/v2\/pages"}],"about":[{"href":"https:\/\/vicusalbus.org\/index.php?rest_route=\/wp\/v2\/types\/page"}],"author":[{"embeddable":true,"href":"https:\/\/vicusalbus.org\/index.php?rest_route=\/wp\/v2\/users\/2"}],"replies":[{"embeddable":true,"href":"https:\/\/vicusalbus.org\/index.php?rest_route=%2Fwp%2Fv2%2Fcomments&post=9152"}],"version-history":[{"count":0,"href":"https:\/\/vicusalbus.org\/index.php?rest_route=\/wp\/v2\/pages\/9152\/revisions"}],"wp:attachment":[{"href":"https:\/\/vicusalbus.org\/index.php?rest_route=%2Fwp%2Fv2%2Fmedia&parent=9152"}],"curies":[{"name":"wp","href":"https:\/\/api.w.org\/{rel}","templated":true}]}}