{"id":9153,"date":"2026-08-15T12:00:00","date_gmt":"2026-08-15T10:00:00","guid":{"rendered":"https:\/\/vicusalbus.org\/?page_id=9153"},"modified":"2026-08-15T12:00:00","modified_gmt":"2026-08-15T10:00:00","slug":"edadmedia","status":"publish","type":"page","link":"https:\/\/vicusalbus.org\/?page_id=9153","title":{"rendered":"Edad Media"},"content":{"rendered":"<h2>Contexto territorial<\/h2>\n<p>A pesar de que los documentos existentes sobre la situaci\u00f3n jur\u00eddico-territorial de Vic\u00e1lvaro durante la Edad Media son contradictorios, s\u00ed que nos permiten hacer una aproximaci\u00f3n de sus l\u00edmites. Gracias al Catastro de Ensenada, se ha podido adquirir testimonios de antiguos habitantes del pueblo, que indicaban que los l\u00edmites de Vic\u00e1lvaro estaban marcados por el arroyo de Abro\u00f1igal, que actualmente pertenece a la zona de La Elipa.<\/p>\n<p>Los t\u00e9rminos concejiles de la Edad Media demuestran que en esta \u00e9poca ya exist\u00edan los t\u00e9rminos de las poblaciones de Vic\u00e1lvaro, Ambroz, La Torre del Campo, San Crist\u00f3bal, La Elipa, la encomienda de Moratalaz, la encomienda de Palacios y el monte de Coslada.<\/p>\n<h2>El siglo XV<\/h2>\n<p>A diferencia de siglos anteriores, del siglo XV se posee un abanico m\u00e1s amplio de documentos a trav\u00e9s de los cuales podamos adquirir un mayor conocimiento del Vic\u00e1lvaro medieval. Se trata de una docena de escritos en los que aparece citada la, entonces aldea, de Vic\u00e1lvaro, adem\u00e1s de los recopilados Libros de Acuerdos del Consejo de Madrid.<\/p>\n<p>El motivo por el que Vic\u00e1lvaro era tratado en reuniones del Ayuntamiento de Madrid, cuando en ese entonces todav\u00eda no era perteneciente a este, se debe al organismo pol\u00edtico-administrativo de la Comunidad de Villa y Tierra, el cual no s\u00f3lo englobaba la Villa de Madrid, sino tambi\u00e9n las once aldeas de sus alrededores, entre las cuales se encontraba Vic\u00e1lvaro.<\/p>\n<h2>Seismeros y monteros<\/h2>\n<p>Los \u00abseismeros\u00bb era el nombre que recib\u00edan aquellas personas representantes de los territorios y aldeas rurales que rodeaban la Tierra de Madrid. Eran tres los \u00abseismos\u00bb que divid\u00edan estos territorios: Aravaca, Villaverde y Vallecas. Vic\u00e1lvaro, al igual que Ambroz y La Torre, pertenec\u00eda al seismo de Vallecas. Los seismeros no eran funcionarios municipales, sino encargados temporales para tal fin, por lo que no era necesario pertenecer a alg\u00fan grupo privilegiado de la sociedad para recibir dicho cargo.<\/p>\n<p>Por otro lado, los \u00abmonteros\u00bb aparecen por primera vez en 1487, con el fin de apoyar al Rey y a su gente cuando se iban de caza. Es as\u00ed como llegamos al conocimiento de otro antiguo vicalvare\u00f1o: Juan de Vic\u00e1lvaro, nombrado para este cargo el 19 de septiembre de ese mismo a\u00f1o.<\/p>\n<h2>El linaje vicalvare\u00f1o<\/h2>\n<p>Tambi\u00e9n es importante mencionar que es en este siglo cuando comienzan a aparecer los apellidos principales en la historia del pueblo, y de los cuales algunos pocos siguen manteni\u00e9ndose a d\u00eda de hoy. Estamos hablando de largos linajes residentes en Vic\u00e1lvaro, como los D\u00e1vila, los Mart\u00edn y los De Madrid.<\/p>\n<h2>Sistema econ\u00f3mico<\/h2>\n<p>Hasta entonces Vic\u00e1lvaro era un pueblo reconocido por el potencial de sus cultivos de cereal. Sin embargo, tambi\u00e9n es importante mencionar su otro cultivo predominante: los vi\u00f1edos. El segundo documento m\u00e1s antiguo que se posee de la historia de Vic\u00e1lvaro consiste en la compraventa de un majuelo (una vi\u00f1a joven).<\/p>\n<p>No cabe duda de que el cereal era el cultivo predominante en estos terrenos, siendo gran parte de este transportado a Madrid para abastecer a sus habitantes. Como consecuencia de los largos periodos de estancia de los reyes, tanto Madrid como todas las aldeas de alrededor se vieron obligadas a incrementar el abasto de harina y pan. Dentro de todos los \u00abproveedores de pan de la villa y casi-corte\u00bb, Vic\u00e1lvaro se encontraba entre uno de los m\u00e1s importantes. Es desde entonces cuando se inicia en este pueblo una importante y duradera tradici\u00f3n artesanal.<\/p>\n<h2>Las dehesas<\/h2>\n<p>En ese entonces, la le\u00f1a era una gran fuente de energ\u00eda, tanto para las casas como para todas las industrias existentes. Cuando la Villa de Madrid pas\u00f3 a ser Corte del rey, la comarca madrile\u00f1a comenz\u00f3 a incrementar notablemente su consumo de le\u00f1a. Gracias a las \u00abRelaciones de Felipe II\u00bb, redactadas en el siglo XVI, sabemos que Vic\u00e1lvaro era, con palabras textuales, \u00abtierra falta de le\u00f1a, que se prove de la le\u00f1a en el Real de Manzanares\u00bb.<\/p>\n<h2>Galer\u00eda<\/h2>\n<div class=\"va-content-gallery\">\n<figure class=\"wp-block-image size-large\"><img decoding=\"async\" src=\"https:\/\/framerusercontent.com\/images\/Q26aHAfmJRdumRNFuS7ZYE2Kws.jpg\" alt=\"\" loading=\"lazy\"\/><\/figure>\n<figure class=\"wp-block-image size-large\"><img decoding=\"async\" src=\"https:\/\/framerusercontent.com\/images\/S0pXJPZETrGpuKK6ZMuHwks8pk.jpg\" alt=\"\" loading=\"lazy\"\/><\/figure>\n<figure class=\"wp-block-image size-large\"><img decoding=\"async\" src=\"https:\/\/framerusercontent.com\/images\/F1GpQ9uO4acbMc9mc7K5mvd04Y.jpg\" alt=\"\" loading=\"lazy\"\/><\/figure>\n<figure class=\"wp-block-image size-large\"><img decoding=\"async\" src=\"https:\/\/framerusercontent.com\/images\/8MbTI4wNbkpaAJavSa7UwFtMI.jpg\" alt=\"\" loading=\"lazy\"\/><\/figure>\n<figure class=\"wp-block-image size-large\"><img decoding=\"async\" src=\"https:\/\/framerusercontent.com\/images\/gl5xDEXlqnG7X6BPqM29aTFY.jpg\" alt=\"\" loading=\"lazy\"\/><\/figure>\n<figure class=\"wp-block-image size-large\"><img decoding=\"async\" src=\"https:\/\/framerusercontent.com\/images\/OQx9BBiTixsZptg4N54D4AEp0w.jpg\" alt=\"\" loading=\"lazy\"\/><\/figure>\n<figure class=\"wp-block-image size-large\"><img decoding=\"async\" src=\"https:\/\/framerusercontent.com\/images\/kZdCAdinCRXy21eyOy3gBz0Lw.jpg\" alt=\"\" loading=\"lazy\"\/><\/figure>\n<figure class=\"wp-block-image size-large\"><img decoding=\"async\" src=\"https:\/\/framerusercontent.com\/images\/Yimy4NE31K9DI2Z4xYm14E7p7o.jpg\" alt=\"\" loading=\"lazy\"\/><\/figure>\n<figure class=\"wp-block-image size-large\"><img decoding=\"async\" src=\"https:\/\/framerusercontent.com\/images\/j3nq6vhbTKm5srTD7Io9PIfCIQ.jpg\" alt=\"\" loading=\"lazy\"\/><\/figure>\n<figure class=\"wp-block-image size-large\"><img decoding=\"async\" src=\"https:\/\/framerusercontent.com\/images\/Y7O9WiLjD3RSWnHpD9HsgLnVBnc.jpg\" alt=\"\" loading=\"lazy\"\/><\/figure>\n<\/div>\n","protected":false},"excerpt":{"rendered":"<p>Contexto territorial A pesar de que los documentos existentes sobre la situaci\u00f3n jur\u00eddico-territorial de Vic\u00e1lvaro durante la Edad Media son contradictorios, s\u00ed que nos permiten hacer una aproximaci\u00f3n\u2026<\/p>\n","protected":false},"author":2,"featured_media":0,"parent":0,"menu_order":202,"comment_status":"closed","ping_status":"closed","template":"","meta":{"two_page_speed":[],"footnotes":""},"class_list":["post-9153","page","type-page","status-publish","hentry"],"yoast_head":"<!-- This site is optimized with the Yoast SEO plugin v28.3 - https:\/\/yoast.com\/product\/yoast-seo-wordpress\/ -->\n<title>Edad Media - Asociaci\u00f3n Vicus Albus<\/title>\n<meta name=\"robots\" content=\"index, follow, max-snippet:-1, max-image-preview:large, max-video-preview:-1\" \/>\n<link rel=\"canonical\" href=\"https:\/\/vicusalbus.org\/?page_id=9153\" \/>\n<meta property=\"og:locale\" content=\"es_ES\" \/>\n<meta property=\"og:type\" content=\"article\" \/>\n<meta property=\"og:title\" content=\"Edad Media - Asociaci\u00f3n Vicus Albus\" \/>\n<meta property=\"og:description\" content=\"Contexto territorial A pesar de que los documentos existentes sobre la situaci\u00f3n jur\u00eddico-territorial de Vic\u00e1lvaro durante la Edad Media son contradictorios, s\u00ed que nos permiten hacer una aproximaci\u00f3n\u2026\" \/>\n<meta property=\"og:url\" content=\"https:\/\/vicusalbus.org\/?page_id=9153\" \/>\n<meta property=\"og:site_name\" content=\"Asociaci\u00f3n Vicus Albus\" \/>\n<meta property=\"og:image\" content=\"https:\/\/framerusercontent.com\/images\/Q26aHAfmJRdumRNFuS7ZYE2Kws.jpg\" \/>\n<meta name=\"twitter:card\" content=\"summary_large_image\" \/>\n<meta name=\"twitter:label1\" content=\"Tiempo de lectura\" \/>\n\t<meta name=\"twitter:data1\" content=\"3 minutos\" \/>\n<script type=\"application\/ld+json\" class=\"yoast-schema-graph\">{\"@context\":\"https:\\\/\\\/schema.org\",\"@graph\":[{\"@type\":\"WebPage\",\"@id\":\"https:\\\/\\\/vicusalbus.org\\\/?page_id=9153\",\"url\":\"https:\\\/\\\/vicusalbus.org\\\/?page_id=9153\",\"name\":\"Edad Media - Asociaci\u00f3n Vicus Albus\",\"isPartOf\":{\"@id\":\"https:\\\/\\\/vicusalbus.org\\\/#website\"},\"primaryImageOfPage\":{\"@id\":\"https:\\\/\\\/vicusalbus.org\\\/?page_id=9153#primaryimage\"},\"image\":{\"@id\":\"https:\\\/\\\/vicusalbus.org\\\/?page_id=9153#primaryimage\"},\"thumbnailUrl\":\"https:\\\/\\\/framerusercontent.com\\\/images\\\/Q26aHAfmJRdumRNFuS7ZYE2Kws.jpg\",\"datePublished\":\"2026-08-15T10:00:00+00:00\",\"breadcrumb\":{\"@id\":\"https:\\\/\\\/vicusalbus.org\\\/?page_id=9153#breadcrumb\"},\"inLanguage\":\"es\",\"potentialAction\":[{\"@type\":\"ReadAction\",\"target\":[\"https:\\\/\\\/vicusalbus.org\\\/?page_id=9153\"]}]},{\"@type\":\"ImageObject\",\"inLanguage\":\"es\",\"@id\":\"https:\\\/\\\/vicusalbus.org\\\/?page_id=9153#primaryimage\",\"url\":\"https:\\\/\\\/framerusercontent.com\\\/images\\\/Q26aHAfmJRdumRNFuS7ZYE2Kws.jpg\",\"contentUrl\":\"https:\\\/\\\/framerusercontent.com\\\/images\\\/Q26aHAfmJRdumRNFuS7ZYE2Kws.jpg\"},{\"@type\":\"BreadcrumbList\",\"@id\":\"https:\\\/\\\/vicusalbus.org\\\/?page_id=9153#breadcrumb\",\"itemListElement\":[{\"@type\":\"ListItem\",\"position\":1,\"name\":\"Portada\",\"item\":\"https:\\\/\\\/vicusalbus.org\\\/\"},{\"@type\":\"ListItem\",\"position\":2,\"name\":\"Edad Media\"}]},{\"@type\":\"WebSite\",\"@id\":\"https:\\\/\\\/vicusalbus.org\\\/#website\",\"url\":\"https:\\\/\\\/vicusalbus.org\\\/\",\"name\":\"Asociaci\u00f3n Vicus Albus\",\"description\":\"\",\"publisher\":{\"@id\":\"https:\\\/\\\/vicusalbus.org\\\/#organization\"},\"potentialAction\":[{\"@type\":\"SearchAction\",\"target\":{\"@type\":\"EntryPoint\",\"urlTemplate\":\"https:\\\/\\\/vicusalbus.org\\\/?s={search_term_string}\"},\"query-input\":{\"@type\":\"PropertyValueSpecification\",\"valueRequired\":true,\"valueName\":\"search_term_string\"}}],\"inLanguage\":\"es\"},{\"@type\":\"Organization\",\"@id\":\"https:\\\/\\\/vicusalbus.org\\\/#organization\",\"name\":\"Asociaci\u00f3n Vicus Albus\",\"url\":\"https:\\\/\\\/vicusalbus.org\\\/\",\"logo\":{\"@type\":\"ImageObject\",\"inLanguage\":\"es\",\"@id\":\"https:\\\/\\\/vicusalbus.org\\\/#\\\/schema\\\/logo\\\/image\\\/\",\"url\":\"https:\\\/\\\/vicusalbus.org\\\/wp-content\\\/uploads\\\/2024\\\/06\\\/logo.jpg\",\"contentUrl\":\"https:\\\/\\\/vicusalbus.org\\\/wp-content\\\/uploads\\\/2024\\\/06\\\/logo.jpg\",\"width\":333,\"height\":100,\"caption\":\"Asociaci\u00f3n Vicus Albus\"},\"image\":{\"@id\":\"https:\\\/\\\/vicusalbus.org\\\/#\\\/schema\\\/logo\\\/image\\\/\"}}]}<\/script>\n<!-- \/ Yoast SEO plugin. -->","yoast_head_json":{"title":"Edad Media - Asociaci\u00f3n Vicus Albus","robots":{"index":"index","follow":"follow","max-snippet":"max-snippet:-1","max-image-preview":"max-image-preview:large","max-video-preview":"max-video-preview:-1"},"canonical":"https:\/\/vicusalbus.org\/?page_id=9153","og_locale":"es_ES","og_type":"article","og_title":"Edad Media - Asociaci\u00f3n Vicus Albus","og_description":"Contexto territorial A pesar de que los documentos existentes sobre la situaci\u00f3n jur\u00eddico-territorial de Vic\u00e1lvaro durante la Edad Media son contradictorios, s\u00ed que nos permiten hacer una aproximaci\u00f3n\u2026","og_url":"https:\/\/vicusalbus.org\/?page_id=9153","og_site_name":"Asociaci\u00f3n Vicus Albus","og_image":[{"url":"https:\/\/framerusercontent.com\/images\/Q26aHAfmJRdumRNFuS7ZYE2Kws.jpg","type":"","width":"","height":""}],"twitter_card":"summary_large_image","twitter_misc":{"Tiempo de lectura":"3 minutos"},"schema":{"@context":"https:\/\/schema.org","@graph":[{"@type":"WebPage","@id":"https:\/\/vicusalbus.org\/?page_id=9153","url":"https:\/\/vicusalbus.org\/?page_id=9153","name":"Edad Media - Asociaci\u00f3n Vicus Albus","isPartOf":{"@id":"https:\/\/vicusalbus.org\/#website"},"primaryImageOfPage":{"@id":"https:\/\/vicusalbus.org\/?page_id=9153#primaryimage"},"image":{"@id":"https:\/\/vicusalbus.org\/?page_id=9153#primaryimage"},"thumbnailUrl":"https:\/\/framerusercontent.com\/images\/Q26aHAfmJRdumRNFuS7ZYE2Kws.jpg","datePublished":"2026-08-15T10:00:00+00:00","breadcrumb":{"@id":"https:\/\/vicusalbus.org\/?page_id=9153#breadcrumb"},"inLanguage":"es","potentialAction":[{"@type":"ReadAction","target":["https:\/\/vicusalbus.org\/?page_id=9153"]}]},{"@type":"ImageObject","inLanguage":"es","@id":"https:\/\/vicusalbus.org\/?page_id=9153#primaryimage","url":"https:\/\/framerusercontent.com\/images\/Q26aHAfmJRdumRNFuS7ZYE2Kws.jpg","contentUrl":"https:\/\/framerusercontent.com\/images\/Q26aHAfmJRdumRNFuS7ZYE2Kws.jpg"},{"@type":"BreadcrumbList","@id":"https:\/\/vicusalbus.org\/?page_id=9153#breadcrumb","itemListElement":[{"@type":"ListItem","position":1,"name":"Portada","item":"https:\/\/vicusalbus.org\/"},{"@type":"ListItem","position":2,"name":"Edad Media"}]},{"@type":"WebSite","@id":"https:\/\/vicusalbus.org\/#website","url":"https:\/\/vicusalbus.org\/","name":"Asociaci\u00f3n Vicus Albus","description":"","publisher":{"@id":"https:\/\/vicusalbus.org\/#organization"},"potentialAction":[{"@type":"SearchAction","target":{"@type":"EntryPoint","urlTemplate":"https:\/\/vicusalbus.org\/?s={search_term_string}"},"query-input":{"@type":"PropertyValueSpecification","valueRequired":true,"valueName":"search_term_string"}}],"inLanguage":"es"},{"@type":"Organization","@id":"https:\/\/vicusalbus.org\/#organization","name":"Asociaci\u00f3n Vicus Albus","url":"https:\/\/vicusalbus.org\/","logo":{"@type":"ImageObject","inLanguage":"es","@id":"https:\/\/vicusalbus.org\/#\/schema\/logo\/image\/","url":"https:\/\/vicusalbus.org\/wp-content\/uploads\/2024\/06\/logo.jpg","contentUrl":"https:\/\/vicusalbus.org\/wp-content\/uploads\/2024\/06\/logo.jpg","width":333,"height":100,"caption":"Asociaci\u00f3n Vicus Albus"},"image":{"@id":"https:\/\/vicusalbus.org\/#\/schema\/logo\/image\/"}}]}},"_links":{"self":[{"href":"https:\/\/vicusalbus.org\/index.php?rest_route=\/wp\/v2\/pages\/9153","targetHints":{"allow":["GET"]}}],"collection":[{"href":"https:\/\/vicusalbus.org\/index.php?rest_route=\/wp\/v2\/pages"}],"about":[{"href":"https:\/\/vicusalbus.org\/index.php?rest_route=\/wp\/v2\/types\/page"}],"author":[{"embeddable":true,"href":"https:\/\/vicusalbus.org\/index.php?rest_route=\/wp\/v2\/users\/2"}],"replies":[{"embeddable":true,"href":"https:\/\/vicusalbus.org\/index.php?rest_route=%2Fwp%2Fv2%2Fcomments&post=9153"}],"version-history":[{"count":0,"href":"https:\/\/vicusalbus.org\/index.php?rest_route=\/wp\/v2\/pages\/9153\/revisions"}],"wp:attachment":[{"href":"https:\/\/vicusalbus.org\/index.php?rest_route=%2Fwp%2Fv2%2Fmedia&parent=9153"}],"curies":[{"name":"wp","href":"https:\/\/api.w.org\/{rel}","templated":true}]}}