{"id":9154,"date":"2026-08-15T12:00:00","date_gmt":"2026-08-15T10:00:00","guid":{"rendered":"https:\/\/vicusalbus.org\/?page_id=9154"},"modified":"2026-08-15T12:00:00","modified_gmt":"2026-08-15T10:00:00","slug":"xvi","status":"publish","type":"page","link":"https:\/\/vicusalbus.org\/?page_id=9154","title":{"rendered":"Siglo XVI"},"content":{"rendered":"<p>El documento de \u00abRelaciones Topogr\u00e1ficas de Felipe II\u00bb constituye la primera informaci\u00f3n sistematizada que permite reconstruir la vida cotidiana en Vic\u00e1lvaro durante el siglo XVI.<\/p>\n<p>El siglo XVI represent\u00f3 para Espa\u00f1a un per\u00edodo de gran poder\u00edo. A finales del siglo XV, las coronas de Isabel de Castilla y Fernando de Arag\u00f3n se unieron en matrimonio, obteniendo el t\u00edtulo de \u00abReyes Cat\u00f3licos\u00bb y consolidando, con la conquista de Granada, lo que se conoce oficialmente como Espa\u00f1a. No es posible omitir el a\u00f1o 1492 con el descubrimiento de Am\u00e9rica.<\/p>\n<p>Felipe II, hijo de Carlos I, anexion\u00f3 Portugal y las Islas Filipinas, logrando un alcance global del imperio. Este poder hizo de \u00e9l responsable de promover la creaci\u00f3n de las \u00abRelaciones Topogr\u00e1ficas\u00bb. El 22 de diciembre de 1575, Madrid oblig\u00f3 a todos los ayuntamientos a nombrar representantes que aportaran informaci\u00f3n sobre la fundaci\u00f3n, antig\u00fcedad y vida de los pueblos. En Vic\u00e1lvaro, esta tarea se otorg\u00f3 a Juan Mart\u00edn (90 a\u00f1os) y Francisco Sanz (70 a\u00f1os).<\/p>\n<h2>La vida en el pueblo<\/h2>\n<p>Vic\u00e1lvaro era una aldea de tierra templada, llana y con clima seco y sano, que carec\u00eda de le\u00f1a y caza. El r\u00edo Jarama, a legua y media, prove\u00eda peces, anguilas y agua. Tres fuentes abastec\u00edan de agua en invierno. El ganado pastaba en dos peque\u00f1as dehesas concejiles. Las cosechas se basaban en trigo, cebada y vino. Suministros como le\u00f1a, sal y aceite deb\u00edan importarse de otros pueblos.<\/p>\n<p>Las viviendas ten\u00edan construcci\u00f3n de tierra con cimientos de barro y piedra de pedernal, techos de tejas y madera de pino de Cuenca y Valdemaqueda. Gran parte de los vecinos eran pobres; los dem\u00e1s pose\u00edan haciendas medianas. El censo indicaba poco m\u00e1s de doscientos habitantes, dedicados mayormente a la labranza.<\/p>\n<p>Vic\u00e1lvaro dispon\u00eda de un hospital de caridad en casa de un vecino, que acog\u00eda a pobres en camino hacia la Villa de Madrid. Era una aldea sujeta a la Villa de Madrid, perteneciente al reino de Toledo. Los principales oficios del pueblo consist\u00edan en \u00abarrastrar paja larga, y de hacer yeso, y de llevar canto, y de ser harineros comprando trigo y vendi\u00e9ndolo en harina, y lo uno y lo otro llevarlo a la villa de Madrid a venderlo\u00bb.<\/p>\n<h2>El pan<\/h2>\n<p>Cuando la Corte comenz\u00f3 a instalarse en Madrid, su poblaci\u00f3n creci\u00f3 continuamente, lo que deriv\u00f3 en aumento de la demanda de bienes. Vic\u00e1lvaro, uno de los pueblos m\u00e1s importantes respecto a la producci\u00f3n de harina y pan, se vio afectado. Durante estas fechas aparece la primera noticia sobre el funcionamiento del \u00abp\u00f3sito\u00bb (instituci\u00f3n municipal encargada de almacenar grano, regular el mercado y prestar simiente).<\/p>\n<h2>Construcci\u00f3n de la iglesia<\/h2>\n<p>La iglesia parroquial fue construida bajo la advocaci\u00f3n de su patrona Santa Mar\u00eda, recibiendo el nombre \u00abParroquia de Santa Mar\u00eda la Antigua\u00bb. De estilo barroco, fue construida a principios del siglo XVI. El 19 de septiembre de 1592, Felipe II dict\u00f3 una provisi\u00f3n oficial para remodelarla y ampliar su estructura.<\/p>\n<p>La fachada est\u00e1 construida con ladrillo y piedra berroque\u00f1a en estilo herreriano. El interior presenta estructura sencilla de planta basilical con tres naves, b\u00f3vedas de ca\u00f1\u00f3n, arcos de medio punto y \u00e1bside poligonal que conten\u00eda un gran retablo de madera desaparecido durante la guerra civil. Antiguamente se encontraba rodeada por un muro bajo adosado a un cementerio.<\/p>\n<h2>Galer\u00eda<\/h2>\n<div class=\"va-content-gallery\">\n<figure class=\"wp-block-image size-large\"><img decoding=\"async\" src=\"https:\/\/framerusercontent.com\/images\/Yxj9kJ7lveY8VxQCCj1QtlftZOs.jpg\" alt=\"\" loading=\"lazy\"\/><\/figure>\n<figure class=\"wp-block-image size-large\"><img decoding=\"async\" src=\"https:\/\/framerusercontent.com\/images\/eubUD7ICWSGVypsgsXocwBEg.png\" alt=\"\" loading=\"lazy\"\/><\/figure>\n<figure class=\"wp-block-image size-large\"><img decoding=\"async\" src=\"https:\/\/framerusercontent.com\/images\/8VPFiMS3PljhAMj3GiIh50iSGY.jpg\" alt=\"\" loading=\"lazy\"\/><\/figure>\n<figure class=\"wp-block-image size-large\"><img decoding=\"async\" src=\"https:\/\/framerusercontent.com\/images\/0CO0N5NPMMiV2RkS46DbjhJeow.jpg\" alt=\"\" loading=\"lazy\"\/><\/figure>\n<figure class=\"wp-block-image size-large\"><img decoding=\"async\" src=\"https:\/\/framerusercontent.com\/images\/KEjK7JVrgBjrjXJzMCfDbggDdM.png\" alt=\"\" loading=\"lazy\"\/><\/figure>\n<figure class=\"wp-block-image size-large\"><img decoding=\"async\" src=\"https:\/\/framerusercontent.com\/images\/QHOwqwB6FT9D7UZw9z3MgMifDKg.jpg\" alt=\"\" loading=\"lazy\"\/><\/figure>\n<figure class=\"wp-block-image size-large\"><img decoding=\"async\" src=\"https:\/\/framerusercontent.com\/images\/w8bzm0pCe5CLtKlMY0uewExQfgg.jpg\" alt=\"\" loading=\"lazy\"\/><\/figure>\n<figure class=\"wp-block-image size-large\"><img decoding=\"async\" src=\"https:\/\/framerusercontent.com\/images\/oNfA9xySbOFOPCquvEuTFsLo.jpg\" alt=\"\" loading=\"lazy\"\/><\/figure>\n<figure class=\"wp-block-image size-large\"><img decoding=\"async\" src=\"https:\/\/framerusercontent.com\/images\/Rd7FK7Snb2kaGtF1vxFWZ9iT4.jpg\" alt=\"\" loading=\"lazy\"\/><\/figure>\n<\/div>\n","protected":false},"excerpt":{"rendered":"<p>El documento de \u00abRelaciones Topogr\u00e1ficas de Felipe II\u00bb constituye la primera informaci\u00f3n sistematizada que permite reconstruir la vida cotidiana en Vic\u00e1lvaro durante el siglo XVI. El siglo XVI\u2026<\/p>\n","protected":false},"author":2,"featured_media":0,"parent":0,"menu_order":203,"comment_status":"closed","ping_status":"closed","template":"","meta":{"two_page_speed":[],"footnotes":""},"class_list":["post-9154","page","type-page","status-publish","hentry"],"yoast_head":"<!-- This site is optimized with the Yoast SEO plugin v28.3 - https:\/\/yoast.com\/product\/yoast-seo-wordpress\/ -->\n<title>Siglo XVI - Asociaci\u00f3n Vicus Albus<\/title>\n<meta name=\"robots\" content=\"index, follow, max-snippet:-1, max-image-preview:large, max-video-preview:-1\" \/>\n<link rel=\"canonical\" href=\"https:\/\/vicusalbus.org\/?page_id=9154\" \/>\n<meta property=\"og:locale\" content=\"es_ES\" \/>\n<meta property=\"og:type\" content=\"article\" \/>\n<meta property=\"og:title\" content=\"Siglo XVI - Asociaci\u00f3n Vicus Albus\" \/>\n<meta property=\"og:description\" content=\"El documento de \u00abRelaciones Topogr\u00e1ficas de Felipe II\u00bb constituye la primera informaci\u00f3n sistematizada que permite reconstruir la vida cotidiana en Vic\u00e1lvaro durante el siglo XVI. El siglo XVI\u2026\" \/>\n<meta property=\"og:url\" content=\"https:\/\/vicusalbus.org\/?page_id=9154\" \/>\n<meta property=\"og:site_name\" content=\"Asociaci\u00f3n Vicus Albus\" \/>\n<meta property=\"og:image\" content=\"https:\/\/framerusercontent.com\/images\/Yxj9kJ7lveY8VxQCCj1QtlftZOs.jpg\" \/>\n<meta name=\"twitter:card\" content=\"summary_large_image\" \/>\n<meta name=\"twitter:label1\" content=\"Tiempo de lectura\" \/>\n\t<meta name=\"twitter:data1\" content=\"3 minutos\" \/>\n<script type=\"application\/ld+json\" class=\"yoast-schema-graph\">{\"@context\":\"https:\\\/\\\/schema.org\",\"@graph\":[{\"@type\":\"WebPage\",\"@id\":\"https:\\\/\\\/vicusalbus.org\\\/?page_id=9154\",\"url\":\"https:\\\/\\\/vicusalbus.org\\\/?page_id=9154\",\"name\":\"Siglo XVI - Asociaci\u00f3n Vicus Albus\",\"isPartOf\":{\"@id\":\"https:\\\/\\\/vicusalbus.org\\\/#website\"},\"primaryImageOfPage\":{\"@id\":\"https:\\\/\\\/vicusalbus.org\\\/?page_id=9154#primaryimage\"},\"image\":{\"@id\":\"https:\\\/\\\/vicusalbus.org\\\/?page_id=9154#primaryimage\"},\"thumbnailUrl\":\"https:\\\/\\\/framerusercontent.com\\\/images\\\/Yxj9kJ7lveY8VxQCCj1QtlftZOs.jpg\",\"datePublished\":\"2026-08-15T10:00:00+00:00\",\"breadcrumb\":{\"@id\":\"https:\\\/\\\/vicusalbus.org\\\/?page_id=9154#breadcrumb\"},\"inLanguage\":\"es\",\"potentialAction\":[{\"@type\":\"ReadAction\",\"target\":[\"https:\\\/\\\/vicusalbus.org\\\/?page_id=9154\"]}]},{\"@type\":\"ImageObject\",\"inLanguage\":\"es\",\"@id\":\"https:\\\/\\\/vicusalbus.org\\\/?page_id=9154#primaryimage\",\"url\":\"https:\\\/\\\/framerusercontent.com\\\/images\\\/Yxj9kJ7lveY8VxQCCj1QtlftZOs.jpg\",\"contentUrl\":\"https:\\\/\\\/framerusercontent.com\\\/images\\\/Yxj9kJ7lveY8VxQCCj1QtlftZOs.jpg\"},{\"@type\":\"BreadcrumbList\",\"@id\":\"https:\\\/\\\/vicusalbus.org\\\/?page_id=9154#breadcrumb\",\"itemListElement\":[{\"@type\":\"ListItem\",\"position\":1,\"name\":\"Portada\",\"item\":\"https:\\\/\\\/vicusalbus.org\\\/\"},{\"@type\":\"ListItem\",\"position\":2,\"name\":\"Siglo XVI\"}]},{\"@type\":\"WebSite\",\"@id\":\"https:\\\/\\\/vicusalbus.org\\\/#website\",\"url\":\"https:\\\/\\\/vicusalbus.org\\\/\",\"name\":\"Asociaci\u00f3n Vicus Albus\",\"description\":\"\",\"publisher\":{\"@id\":\"https:\\\/\\\/vicusalbus.org\\\/#organization\"},\"potentialAction\":[{\"@type\":\"SearchAction\",\"target\":{\"@type\":\"EntryPoint\",\"urlTemplate\":\"https:\\\/\\\/vicusalbus.org\\\/?s={search_term_string}\"},\"query-input\":{\"@type\":\"PropertyValueSpecification\",\"valueRequired\":true,\"valueName\":\"search_term_string\"}}],\"inLanguage\":\"es\"},{\"@type\":\"Organization\",\"@id\":\"https:\\\/\\\/vicusalbus.org\\\/#organization\",\"name\":\"Asociaci\u00f3n Vicus Albus\",\"url\":\"https:\\\/\\\/vicusalbus.org\\\/\",\"logo\":{\"@type\":\"ImageObject\",\"inLanguage\":\"es\",\"@id\":\"https:\\\/\\\/vicusalbus.org\\\/#\\\/schema\\\/logo\\\/image\\\/\",\"url\":\"https:\\\/\\\/vicusalbus.org\\\/wp-content\\\/uploads\\\/2024\\\/06\\\/logo.jpg\",\"contentUrl\":\"https:\\\/\\\/vicusalbus.org\\\/wp-content\\\/uploads\\\/2024\\\/06\\\/logo.jpg\",\"width\":333,\"height\":100,\"caption\":\"Asociaci\u00f3n Vicus Albus\"},\"image\":{\"@id\":\"https:\\\/\\\/vicusalbus.org\\\/#\\\/schema\\\/logo\\\/image\\\/\"}}]}<\/script>\n<!-- \/ Yoast SEO plugin. -->","yoast_head_json":{"title":"Siglo XVI - Asociaci\u00f3n Vicus Albus","robots":{"index":"index","follow":"follow","max-snippet":"max-snippet:-1","max-image-preview":"max-image-preview:large","max-video-preview":"max-video-preview:-1"},"canonical":"https:\/\/vicusalbus.org\/?page_id=9154","og_locale":"es_ES","og_type":"article","og_title":"Siglo XVI - Asociaci\u00f3n Vicus Albus","og_description":"El documento de \u00abRelaciones Topogr\u00e1ficas de Felipe II\u00bb constituye la primera informaci\u00f3n sistematizada que permite reconstruir la vida cotidiana en Vic\u00e1lvaro durante el siglo XVI. El siglo XVI\u2026","og_url":"https:\/\/vicusalbus.org\/?page_id=9154","og_site_name":"Asociaci\u00f3n Vicus Albus","og_image":[{"url":"https:\/\/framerusercontent.com\/images\/Yxj9kJ7lveY8VxQCCj1QtlftZOs.jpg","type":"","width":"","height":""}],"twitter_card":"summary_large_image","twitter_misc":{"Tiempo de lectura":"3 minutos"},"schema":{"@context":"https:\/\/schema.org","@graph":[{"@type":"WebPage","@id":"https:\/\/vicusalbus.org\/?page_id=9154","url":"https:\/\/vicusalbus.org\/?page_id=9154","name":"Siglo XVI - Asociaci\u00f3n Vicus Albus","isPartOf":{"@id":"https:\/\/vicusalbus.org\/#website"},"primaryImageOfPage":{"@id":"https:\/\/vicusalbus.org\/?page_id=9154#primaryimage"},"image":{"@id":"https:\/\/vicusalbus.org\/?page_id=9154#primaryimage"},"thumbnailUrl":"https:\/\/framerusercontent.com\/images\/Yxj9kJ7lveY8VxQCCj1QtlftZOs.jpg","datePublished":"2026-08-15T10:00:00+00:00","breadcrumb":{"@id":"https:\/\/vicusalbus.org\/?page_id=9154#breadcrumb"},"inLanguage":"es","potentialAction":[{"@type":"ReadAction","target":["https:\/\/vicusalbus.org\/?page_id=9154"]}]},{"@type":"ImageObject","inLanguage":"es","@id":"https:\/\/vicusalbus.org\/?page_id=9154#primaryimage","url":"https:\/\/framerusercontent.com\/images\/Yxj9kJ7lveY8VxQCCj1QtlftZOs.jpg","contentUrl":"https:\/\/framerusercontent.com\/images\/Yxj9kJ7lveY8VxQCCj1QtlftZOs.jpg"},{"@type":"BreadcrumbList","@id":"https:\/\/vicusalbus.org\/?page_id=9154#breadcrumb","itemListElement":[{"@type":"ListItem","position":1,"name":"Portada","item":"https:\/\/vicusalbus.org\/"},{"@type":"ListItem","position":2,"name":"Siglo XVI"}]},{"@type":"WebSite","@id":"https:\/\/vicusalbus.org\/#website","url":"https:\/\/vicusalbus.org\/","name":"Asociaci\u00f3n Vicus Albus","description":"","publisher":{"@id":"https:\/\/vicusalbus.org\/#organization"},"potentialAction":[{"@type":"SearchAction","target":{"@type":"EntryPoint","urlTemplate":"https:\/\/vicusalbus.org\/?s={search_term_string}"},"query-input":{"@type":"PropertyValueSpecification","valueRequired":true,"valueName":"search_term_string"}}],"inLanguage":"es"},{"@type":"Organization","@id":"https:\/\/vicusalbus.org\/#organization","name":"Asociaci\u00f3n Vicus Albus","url":"https:\/\/vicusalbus.org\/","logo":{"@type":"ImageObject","inLanguage":"es","@id":"https:\/\/vicusalbus.org\/#\/schema\/logo\/image\/","url":"https:\/\/vicusalbus.org\/wp-content\/uploads\/2024\/06\/logo.jpg","contentUrl":"https:\/\/vicusalbus.org\/wp-content\/uploads\/2024\/06\/logo.jpg","width":333,"height":100,"caption":"Asociaci\u00f3n Vicus Albus"},"image":{"@id":"https:\/\/vicusalbus.org\/#\/schema\/logo\/image\/"}}]}},"_links":{"self":[{"href":"https:\/\/vicusalbus.org\/index.php?rest_route=\/wp\/v2\/pages\/9154","targetHints":{"allow":["GET"]}}],"collection":[{"href":"https:\/\/vicusalbus.org\/index.php?rest_route=\/wp\/v2\/pages"}],"about":[{"href":"https:\/\/vicusalbus.org\/index.php?rest_route=\/wp\/v2\/types\/page"}],"author":[{"embeddable":true,"href":"https:\/\/vicusalbus.org\/index.php?rest_route=\/wp\/v2\/users\/2"}],"replies":[{"embeddable":true,"href":"https:\/\/vicusalbus.org\/index.php?rest_route=%2Fwp%2Fv2%2Fcomments&post=9154"}],"version-history":[{"count":0,"href":"https:\/\/vicusalbus.org\/index.php?rest_route=\/wp\/v2\/pages\/9154\/revisions"}],"wp:attachment":[{"href":"https:\/\/vicusalbus.org\/index.php?rest_route=%2Fwp%2Fv2%2Fmedia&parent=9154"}],"curies":[{"name":"wp","href":"https:\/\/api.w.org\/{rel}","templated":true}]}}