{"id":9156,"date":"2026-08-15T12:00:00","date_gmt":"2026-08-15T10:00:00","guid":{"rendered":"https:\/\/vicusalbus.org\/?page_id=9156"},"modified":"2026-08-15T12:00:00","modified_gmt":"2026-08-15T10:00:00","slug":"xviii","status":"publish","type":"page","link":"https:\/\/vicusalbus.org\/?page_id=9156","title":{"rendered":"Siglo XVIII"},"content":{"rendered":"<p>Un pueblo cuyos vecinos se dedican, en gran parte, a la fabricaci\u00f3n de yeso y piedra, adem\u00e1s del transporte de paja.<\/p>\n<h2>Contexto<\/h2>\n<p>En comparaci\u00f3n con el decadente siglo XVII, este nuevo siglo supone una \u00e9poca de recuperaci\u00f3n del pa\u00eds. Tras la Guerra de Sucesi\u00f3n, Espa\u00f1a sustituye la dinast\u00eda de los Austrias por la de los Borbones. Felipe V se convierte en el primer rey Borb\u00f3n de Espa\u00f1a. Los Borbones hacen una reforma a nivel econ\u00f3mico, pol\u00edtico y social, pasando de una monarqu\u00eda absolutista a un aumento del poder central. El siglo XVIII tambi\u00e9n est\u00e1 protagonizado por \u00abLa Ilustraci\u00f3n\u00bb, un movimiento cultural e intelectual.<\/p>\n<h2>El pueblo<\/h2>\n<p>Gracias a Domingo \u00c1lvarez Valent\u00edn, p\u00e1rroco de \u00abNuestra Se\u00f1ora de la Antigua\u00bb, hemos podido adquirir una descripci\u00f3n detallada de la vida de Vic\u00e1lvaro durante el siglo XVIII. Seg\u00fan su escrito, Vic\u00e1lvaro era un pueblo con aproximadamente cuatrocientos habitantes. En \u00e9l hab\u00eda tres ermitas, una parroquia y cinco fuentes. Se cultivaban cebada, guisantes, garbanzos, avena, habas y uvas; el ganado era en su mayor\u00eda lanar.<\/p>\n<p>Muchas de las tierras de Vic\u00e1lvaro eran propiedad de la Villa de Madrid bajo arrendamiento de algunos vecinos. Segu\u00eda en pie el hospital caritativo donde se trataba a los mendigos enfermos. Se estima que al a\u00f1o mor\u00edan alrededor de 50 vecinos y nac\u00edan otros 70. El sector panadero segu\u00eda manteniendo una gran relevancia como principal industria de Vic\u00e1lvaro, aunque su aportaci\u00f3n a la Villa de Madrid compon\u00eda la escasa cifra del 0,4 % del consumo de pan.<\/p>\n<h2>La \u00abIlustraci\u00f3n\u00bb para la cultura agraria<\/h2>\n<p>A mediados de siglo tuvo lugar un importante crecimiento de la poblaci\u00f3n, que deriv\u00f3 en un r\u00e1pido incremento de precios y rentas agrarias. El esp\u00edritu ilustrado tuvo un gran impacto en la agricultura. Durante este siglo tuvieron lugar, tanto en Vic\u00e1lvaro como en pueblos de alrededor como Ambroz, numerosas plantaciones de \u00e1lamos, sauces y olmos.<\/p>\n<h2>Catastro del Marqu\u00e9s de la Ensenada<\/h2>\n<p>El marqu\u00e9s de la Ensenada, Don Zen\u00f3n de Somodevilla y Bengochea, fue ministro del rey Fernando VI de 1746 a 1759. Confeccion\u00f3 un Catastro gracias al cual podemos adquirir gran cantidad de informaci\u00f3n sobre la econom\u00eda de Vic\u00e1lvaro. En \u00e9l se descifra que un gran n\u00famero de las tierras de Vic\u00e1lvaro ten\u00edan un suelo muy pobre o sin cultivar, y que gran parte de los vecinos trabajaban de labradores y jornaleros.<\/p>\n<h2>La Real F\u00e1brica de Tejidos<\/h2>\n<p>Uno de los cambios m\u00e1s representativos de nuestro antiguo pueblo rural fue la construcci\u00f3n de la Real F\u00e1brica de Tejidos de San Fernando, gracias a la cual muchos vecinos pudieron adquirir un puesto laboral estable. Esta gigantesca f\u00e1brica se ubicaba donde actualmente se encuentra el campus de la Universidad Rey Juan Carlos de Vic\u00e1lvaro, donde tambi\u00e9n m\u00e1s adelante se encontrar\u00e1 un cuartel militar.<\/p>\n<p>Los reyes comienzan a construir por toda Castilla enormes f\u00e1bricas para manufacturar su propia lana. Para suplir la falta de operarios especializados, el gobierno acoge trabajadores cualificados de otros pa\u00edses. Existe un registro de la propia parroquia de Vic\u00e1lvaro que habla de un maestro tejedor irland\u00e9s que emigr\u00f3 a Espa\u00f1a por orden del rey, con el objetivo de ense\u00f1ar a las ni\u00f1as del pueblo la destreza del hilado. A pesar de todo, la relaci\u00f3n calidad-coste de los productos no fue competitiva, por lo que la f\u00e1brica acab\u00f3 siendo trasladada a Brihuega.<\/p>\n<h2>Galer\u00eda<\/h2>\n<div class=\"va-content-gallery\">\n<figure class=\"wp-block-image size-large\"><img decoding=\"async\" src=\"https:\/\/framerusercontent.com\/images\/GiSbin4Z94w2A5UyfQUhEoPGzw.jpg\" alt=\"\" loading=\"lazy\"\/><\/figure>\n<figure class=\"wp-block-image size-large\"><img decoding=\"async\" src=\"https:\/\/framerusercontent.com\/images\/77eUraU1LakvohJwMfzgKkJM.jpg\" alt=\"\" loading=\"lazy\"\/><\/figure>\n<figure class=\"wp-block-image size-large\"><img decoding=\"async\" src=\"https:\/\/framerusercontent.com\/images\/CFji3jXyReEaPDwOjMHK6gCRZgY.jpg\" alt=\"\" loading=\"lazy\"\/><\/figure>\n<figure class=\"wp-block-image size-large\"><img decoding=\"async\" src=\"https:\/\/framerusercontent.com\/images\/4B3NHLp6uwGdJn8DRNkdwkIhC7w.jpg\" alt=\"\" loading=\"lazy\"\/><\/figure>\n<figure class=\"wp-block-image size-large\"><img decoding=\"async\" src=\"https:\/\/framerusercontent.com\/images\/mLP0nntVI0d45mveZyvL52pl0bA.jpg\" alt=\"\" loading=\"lazy\"\/><\/figure>\n<figure class=\"wp-block-image size-large\"><img decoding=\"async\" src=\"https:\/\/framerusercontent.com\/images\/3YB8VhxdiSFfB3w18kJIcQxrI.jpg\" alt=\"\" loading=\"lazy\"\/><\/figure>\n<figure class=\"wp-block-image size-large\"><img decoding=\"async\" src=\"https:\/\/framerusercontent.com\/images\/WsfCA5VTOsRlaUM37mbOWGHo.jpg\" alt=\"\" loading=\"lazy\"\/><\/figure>\n<figure class=\"wp-block-image size-large\"><img decoding=\"async\" src=\"https:\/\/framerusercontent.com\/images\/Q9tsxN4rvo8FwMoMHFOLNgjyA.jpg\" alt=\"\" loading=\"lazy\"\/><\/figure>\n<figure class=\"wp-block-image size-large\"><img decoding=\"async\" src=\"https:\/\/framerusercontent.com\/images\/2uIYRz4Ae3B04CM722soZReaU.jpg\" alt=\"\" loading=\"lazy\"\/><\/figure>\n<figure class=\"wp-block-image size-large\"><img decoding=\"async\" src=\"https:\/\/framerusercontent.com\/images\/diyrkMLmKTUtravbcJmPAMJbegU.jpg\" alt=\"\" loading=\"lazy\"\/><\/figure>\n<\/div>\n","protected":false},"excerpt":{"rendered":"<p>Un pueblo cuyos vecinos se dedican, en gran parte, a la fabricaci\u00f3n de yeso y piedra, adem\u00e1s del transporte de paja. Contexto En comparaci\u00f3n con el decadente siglo\u2026<\/p>\n","protected":false},"author":2,"featured_media":0,"parent":0,"menu_order":205,"comment_status":"closed","ping_status":"closed","template":"","meta":{"two_page_speed":[],"footnotes":""},"class_list":["post-9156","page","type-page","status-publish","hentry"],"yoast_head":"<!-- This site is optimized with the Yoast SEO plugin v28.3 - https:\/\/yoast.com\/product\/yoast-seo-wordpress\/ -->\n<title>Siglo XVIII - Asociaci\u00f3n Vicus Albus<\/title>\n<meta name=\"robots\" content=\"index, follow, max-snippet:-1, max-image-preview:large, max-video-preview:-1\" \/>\n<link rel=\"canonical\" href=\"https:\/\/vicusalbus.org\/?page_id=9156\" \/>\n<meta property=\"og:locale\" content=\"es_ES\" \/>\n<meta property=\"og:type\" content=\"article\" \/>\n<meta property=\"og:title\" content=\"Siglo XVIII - Asociaci\u00f3n Vicus Albus\" \/>\n<meta property=\"og:description\" content=\"Un pueblo cuyos vecinos se dedican, en gran parte, a la fabricaci\u00f3n de yeso y piedra, adem\u00e1s del transporte de paja. Contexto En comparaci\u00f3n con el decadente siglo\u2026\" \/>\n<meta property=\"og:url\" content=\"https:\/\/vicusalbus.org\/?page_id=9156\" \/>\n<meta property=\"og:site_name\" content=\"Asociaci\u00f3n Vicus Albus\" \/>\n<meta property=\"og:image\" content=\"https:\/\/framerusercontent.com\/images\/GiSbin4Z94w2A5UyfQUhEoPGzw.jpg\" \/>\n<meta name=\"twitter:card\" content=\"summary_large_image\" \/>\n<meta name=\"twitter:label1\" content=\"Tiempo de lectura\" \/>\n\t<meta name=\"twitter:data1\" content=\"3 minutos\" \/>\n<script type=\"application\/ld+json\" class=\"yoast-schema-graph\">{\"@context\":\"https:\\\/\\\/schema.org\",\"@graph\":[{\"@type\":\"WebPage\",\"@id\":\"https:\\\/\\\/vicusalbus.org\\\/?page_id=9156\",\"url\":\"https:\\\/\\\/vicusalbus.org\\\/?page_id=9156\",\"name\":\"Siglo XVIII - Asociaci\u00f3n Vicus Albus\",\"isPartOf\":{\"@id\":\"https:\\\/\\\/vicusalbus.org\\\/#website\"},\"primaryImageOfPage\":{\"@id\":\"https:\\\/\\\/vicusalbus.org\\\/?page_id=9156#primaryimage\"},\"image\":{\"@id\":\"https:\\\/\\\/vicusalbus.org\\\/?page_id=9156#primaryimage\"},\"thumbnailUrl\":\"https:\\\/\\\/framerusercontent.com\\\/images\\\/GiSbin4Z94w2A5UyfQUhEoPGzw.jpg\",\"datePublished\":\"2026-08-15T10:00:00+00:00\",\"breadcrumb\":{\"@id\":\"https:\\\/\\\/vicusalbus.org\\\/?page_id=9156#breadcrumb\"},\"inLanguage\":\"es\",\"potentialAction\":[{\"@type\":\"ReadAction\",\"target\":[\"https:\\\/\\\/vicusalbus.org\\\/?page_id=9156\"]}]},{\"@type\":\"ImageObject\",\"inLanguage\":\"es\",\"@id\":\"https:\\\/\\\/vicusalbus.org\\\/?page_id=9156#primaryimage\",\"url\":\"https:\\\/\\\/framerusercontent.com\\\/images\\\/GiSbin4Z94w2A5UyfQUhEoPGzw.jpg\",\"contentUrl\":\"https:\\\/\\\/framerusercontent.com\\\/images\\\/GiSbin4Z94w2A5UyfQUhEoPGzw.jpg\"},{\"@type\":\"BreadcrumbList\",\"@id\":\"https:\\\/\\\/vicusalbus.org\\\/?page_id=9156#breadcrumb\",\"itemListElement\":[{\"@type\":\"ListItem\",\"position\":1,\"name\":\"Portada\",\"item\":\"https:\\\/\\\/vicusalbus.org\\\/\"},{\"@type\":\"ListItem\",\"position\":2,\"name\":\"Siglo XVIII\"}]},{\"@type\":\"WebSite\",\"@id\":\"https:\\\/\\\/vicusalbus.org\\\/#website\",\"url\":\"https:\\\/\\\/vicusalbus.org\\\/\",\"name\":\"Asociaci\u00f3n Vicus Albus\",\"description\":\"\",\"publisher\":{\"@id\":\"https:\\\/\\\/vicusalbus.org\\\/#organization\"},\"potentialAction\":[{\"@type\":\"SearchAction\",\"target\":{\"@type\":\"EntryPoint\",\"urlTemplate\":\"https:\\\/\\\/vicusalbus.org\\\/?s={search_term_string}\"},\"query-input\":{\"@type\":\"PropertyValueSpecification\",\"valueRequired\":true,\"valueName\":\"search_term_string\"}}],\"inLanguage\":\"es\"},{\"@type\":\"Organization\",\"@id\":\"https:\\\/\\\/vicusalbus.org\\\/#organization\",\"name\":\"Asociaci\u00f3n Vicus Albus\",\"url\":\"https:\\\/\\\/vicusalbus.org\\\/\",\"logo\":{\"@type\":\"ImageObject\",\"inLanguage\":\"es\",\"@id\":\"https:\\\/\\\/vicusalbus.org\\\/#\\\/schema\\\/logo\\\/image\\\/\",\"url\":\"https:\\\/\\\/vicusalbus.org\\\/wp-content\\\/uploads\\\/2024\\\/06\\\/logo.jpg\",\"contentUrl\":\"https:\\\/\\\/vicusalbus.org\\\/wp-content\\\/uploads\\\/2024\\\/06\\\/logo.jpg\",\"width\":333,\"height\":100,\"caption\":\"Asociaci\u00f3n Vicus Albus\"},\"image\":{\"@id\":\"https:\\\/\\\/vicusalbus.org\\\/#\\\/schema\\\/logo\\\/image\\\/\"}}]}<\/script>\n<!-- \/ Yoast SEO plugin. -->","yoast_head_json":{"title":"Siglo XVIII - Asociaci\u00f3n Vicus Albus","robots":{"index":"index","follow":"follow","max-snippet":"max-snippet:-1","max-image-preview":"max-image-preview:large","max-video-preview":"max-video-preview:-1"},"canonical":"https:\/\/vicusalbus.org\/?page_id=9156","og_locale":"es_ES","og_type":"article","og_title":"Siglo XVIII - Asociaci\u00f3n Vicus Albus","og_description":"Un pueblo cuyos vecinos se dedican, en gran parte, a la fabricaci\u00f3n de yeso y piedra, adem\u00e1s del transporte de paja. Contexto En comparaci\u00f3n con el decadente siglo\u2026","og_url":"https:\/\/vicusalbus.org\/?page_id=9156","og_site_name":"Asociaci\u00f3n Vicus Albus","og_image":[{"url":"https:\/\/framerusercontent.com\/images\/GiSbin4Z94w2A5UyfQUhEoPGzw.jpg","type":"","width":"","height":""}],"twitter_card":"summary_large_image","twitter_misc":{"Tiempo de lectura":"3 minutos"},"schema":{"@context":"https:\/\/schema.org","@graph":[{"@type":"WebPage","@id":"https:\/\/vicusalbus.org\/?page_id=9156","url":"https:\/\/vicusalbus.org\/?page_id=9156","name":"Siglo XVIII - Asociaci\u00f3n Vicus Albus","isPartOf":{"@id":"https:\/\/vicusalbus.org\/#website"},"primaryImageOfPage":{"@id":"https:\/\/vicusalbus.org\/?page_id=9156#primaryimage"},"image":{"@id":"https:\/\/vicusalbus.org\/?page_id=9156#primaryimage"},"thumbnailUrl":"https:\/\/framerusercontent.com\/images\/GiSbin4Z94w2A5UyfQUhEoPGzw.jpg","datePublished":"2026-08-15T10:00:00+00:00","breadcrumb":{"@id":"https:\/\/vicusalbus.org\/?page_id=9156#breadcrumb"},"inLanguage":"es","potentialAction":[{"@type":"ReadAction","target":["https:\/\/vicusalbus.org\/?page_id=9156"]}]},{"@type":"ImageObject","inLanguage":"es","@id":"https:\/\/vicusalbus.org\/?page_id=9156#primaryimage","url":"https:\/\/framerusercontent.com\/images\/GiSbin4Z94w2A5UyfQUhEoPGzw.jpg","contentUrl":"https:\/\/framerusercontent.com\/images\/GiSbin4Z94w2A5UyfQUhEoPGzw.jpg"},{"@type":"BreadcrumbList","@id":"https:\/\/vicusalbus.org\/?page_id=9156#breadcrumb","itemListElement":[{"@type":"ListItem","position":1,"name":"Portada","item":"https:\/\/vicusalbus.org\/"},{"@type":"ListItem","position":2,"name":"Siglo XVIII"}]},{"@type":"WebSite","@id":"https:\/\/vicusalbus.org\/#website","url":"https:\/\/vicusalbus.org\/","name":"Asociaci\u00f3n Vicus Albus","description":"","publisher":{"@id":"https:\/\/vicusalbus.org\/#organization"},"potentialAction":[{"@type":"SearchAction","target":{"@type":"EntryPoint","urlTemplate":"https:\/\/vicusalbus.org\/?s={search_term_string}"},"query-input":{"@type":"PropertyValueSpecification","valueRequired":true,"valueName":"search_term_string"}}],"inLanguage":"es"},{"@type":"Organization","@id":"https:\/\/vicusalbus.org\/#organization","name":"Asociaci\u00f3n Vicus Albus","url":"https:\/\/vicusalbus.org\/","logo":{"@type":"ImageObject","inLanguage":"es","@id":"https:\/\/vicusalbus.org\/#\/schema\/logo\/image\/","url":"https:\/\/vicusalbus.org\/wp-content\/uploads\/2024\/06\/logo.jpg","contentUrl":"https:\/\/vicusalbus.org\/wp-content\/uploads\/2024\/06\/logo.jpg","width":333,"height":100,"caption":"Asociaci\u00f3n Vicus Albus"},"image":{"@id":"https:\/\/vicusalbus.org\/#\/schema\/logo\/image\/"}}]}},"_links":{"self":[{"href":"https:\/\/vicusalbus.org\/index.php?rest_route=\/wp\/v2\/pages\/9156","targetHints":{"allow":["GET"]}}],"collection":[{"href":"https:\/\/vicusalbus.org\/index.php?rest_route=\/wp\/v2\/pages"}],"about":[{"href":"https:\/\/vicusalbus.org\/index.php?rest_route=\/wp\/v2\/types\/page"}],"author":[{"embeddable":true,"href":"https:\/\/vicusalbus.org\/index.php?rest_route=\/wp\/v2\/users\/2"}],"replies":[{"embeddable":true,"href":"https:\/\/vicusalbus.org\/index.php?rest_route=%2Fwp%2Fv2%2Fcomments&post=9156"}],"version-history":[{"count":0,"href":"https:\/\/vicusalbus.org\/index.php?rest_route=\/wp\/v2\/pages\/9156\/revisions"}],"wp:attachment":[{"href":"https:\/\/vicusalbus.org\/index.php?rest_route=%2Fwp%2Fv2%2Fmedia&parent=9156"}],"curies":[{"name":"wp","href":"https:\/\/api.w.org\/{rel}","templated":true}]}}