{"id":9157,"date":"2026-08-15T12:00:00","date_gmt":"2026-08-15T10:00:00","guid":{"rendered":"https:\/\/vicusalbus.org\/?page_id=9157"},"modified":"2026-08-15T12:00:00","modified_gmt":"2026-08-15T10:00:00","slug":"xix","status":"publish","type":"page","link":"https:\/\/vicusalbus.org\/?page_id=9157","title":{"rendered":"Siglo XIX"},"content":{"rendered":"<h2>Contexto<\/h2>\n<p>El siglo XIX en Espa\u00f1a comienza con la famosa Guerra de la Independencia, enfrent\u00e1ndose y ganando al imperio napole\u00f3nico. El siglo da comienzo como un importante periodo de transformaci\u00f3n y modernizaci\u00f3n industrial. Otro aspecto relevante es el paso de una monarqu\u00eda absolutista a una parlamentaria y constitucional, en la que los derechos se\u00f1oriales, la Inquisici\u00f3n y la sociedad feudal desaparecen, surgiendo una nueva sociedad de clases con la burgues\u00eda y la clase obrera.<\/p>\n<p>Al comienzo del siglo la industrializaci\u00f3n todav\u00eda no tiene un gran auge, manteniendo a la agricultura como principal sector. Es a finales de siglo cuando la econom\u00eda se moderniza, gracias a la explotaci\u00f3n minera de nuevas empresas extranjeras y al desarrollo de las redes de ferrocarril y carreteras. Fue un periodo de constantes contrarrevoluciones, guerras civiles y luchas que derivaron en la ca\u00edda de la monarqu\u00eda para dar pie a la \u00abPrimera Rep\u00fablica\u00bb en 1873.<\/p>\n<h2>Vic\u00e1lvaro durante este siglo<\/h2>\n<p>Durante este siglo, el pueblo de Vic\u00e1lvaro pertenece al partido de Alcal\u00e1. Su econom\u00eda sigue bas\u00e1ndose en la agricultura y la industria local, en concreto la del pan y (en menor medida) la del vino. La poblaci\u00f3n ha seguido creciendo hasta alcanzar pr\u00e1cticamente los 2.000 vecinos y 380 viviendas.<\/p>\n<p>Vic\u00e1lvaro estaba conectado con Alcal\u00e1 y Madrid a trav\u00e9s de trenes y coches, dispon\u00eda de un servicio de mensajer\u00eda diario y de una escuela p\u00fablica, adem\u00e1s de una escuela de adultos. El pueblo contaba con tan s\u00f3lo dos m\u00e9dicos al servicio de 94 familias necesitadas y una \u00fanica farmacia. Las autoridades estaban formadas por un juez y un fiscal del Ayuntamiento, con una peque\u00f1a c\u00e1rcel. Para el ocio, dispon\u00eda de un casino, un teatro, un caf\u00e9 y una peque\u00f1a zona de paseo hacia la estaci\u00f3n de tren, adem\u00e1s de una casa para hu\u00e9spedes y dos posadas.<\/p>\n<h2>Los l\u00edmites del pueblo<\/h2>\n<p>Un suceso de gran relevancia fue el \u00abprivilegio de villazgo\u00bb que progresivamente fueron adquiriendo los pueblos de alrededor de Madrid. En 1821, la Villa de Madrid realiz\u00f3 un deslindamiento de su terreno para definir el l\u00edmite que lo separaba de Vic\u00e1lvaro, marcado por la frontera natural del arroyo del Abro\u00f1igal, considerado as\u00ed hasta 1949.<\/p>\n<h2>La Desamortizaci\u00f3n de Mendiz\u00e1bal<\/h2>\n<p>La \u00abDesamortizaci\u00f3n de Mendiz\u00e1bal\u00bb, propuesta en 1835 por Juan \u00c1lvarez de Mendiz\u00e1bal, consisti\u00f3 en la expropiaci\u00f3n y venta de terrenos y propiedades de la iglesia cat\u00f3lica, con el fin de recuperar la econom\u00eda de Espa\u00f1a. Tambi\u00e9n se expropiaron y subastaron varios terrenos de Vic\u00e1lvaro, aunque en menor proporci\u00f3n, ya que la mayor\u00eda de las fincas del pueblo eran r\u00fasticas.<\/p>\n<h2>El \u00abcarlismo\u00bb en Vic\u00e1lvaro<\/h2>\n<p>La guerra carlista fue uno de los conflictos internos protagonistas del siglo, originado por la sucesi\u00f3n de la corona. En 1837, el bando carlista logra entrar en Madrid teniendo que atravesar Vic\u00e1lvaro para, finalmente, perder la guerra.<\/p>\n<h2>El antiguo cuartel militar<\/h2>\n<p>Como consecuencia de la Guerra de la Independencia, gran parte del edificio qued\u00f3 arruinado por los bombardeos, y tuvo que ser reconstruido en 1823. En 1844, bajo el reinado de Isabel II, se crea el Cuerpo de la Guardia Civil y el duque de Ahumada establece este cuartel general en Vic\u00e1lvaro. A lo largo de su historia, el cuartel sufri\u00f3 dos grandes incendios: el primero en 1908 y el segundo trece a\u00f1os m\u00e1s tarde.<\/p>\n<h2>La Vicalvarada<\/h2>\n<p>La \u00abRevoluci\u00f3n de 1854\u00bb, tambi\u00e9n conocida como \u00abLa Vicalvarada\u00bb, fue un levantamiento militar en el que las tropas lideradas por el general Leopoldo O&#x27;Donnell se enfrentan a las tropas del gobierno, dando fin a la d\u00e9cada moderada para dar pie al \u00abbienio progresista\u00bb. El levantamiento recibe este nombre porque tuvo lugar en un terreno cercano al antiguo pueblo de Vic\u00e1lvaro. A d\u00eda de hoy, es en esta misma zona donde el barrio ha establecido un parque que recibe el mismo nombre que la batalla.<\/p>\n<h2>Los \u00abahumaos\u00bb<\/h2>\n<p>Un antiguo mote que recib\u00edan los vecinos del pueblo era el de los \u00abahumaos\u00bb. Existen dos hip\u00f3tesis. La primera, la m\u00e1s popular, cuenta que en una disputa por una imagen de la Virgen entre Vic\u00e1lvaro y Vallecas, el juicio se llev\u00f3 a cabo encendiendo una gran hoguera, y coloc\u00e1ndose cada pueblo a un lado, siendo ganador el pueblo hacia el que no se dirigiese el humo; los vecinos de Vallecas agitaron sus capas para empujar el humo hacia Vic\u00e1lvaro. La segunda hip\u00f3tesis, m\u00e1s realista, explica que el apodo proviene del segundo apellido del fundador del primer cuartel de Artiller\u00eda en Vic\u00e1lvaro: el Duque de Ahumada.<\/p>\n<h2>Evoluci\u00f3n social<\/h2>\n<p>Durante este siglo, gran parte de los vecinos de Vic\u00e1lvaro trabajaban como agricultores, canteros y ganaderos, manteni\u00e9ndose como una poblaci\u00f3n humilde. Vic\u00e1lvaro tambi\u00e9n estaba habitado por algunas familias nobles, las m\u00e1s representativas del Marqu\u00e9s de San Leonardo, del Duque de Sevillano y de los Condes de La Vega del Pozo.<\/p>\n<h2>Galer\u00eda<\/h2>\n<div class=\"va-content-gallery\">\n<figure class=\"wp-block-image size-large\"><img decoding=\"async\" src=\"https:\/\/framerusercontent.com\/images\/UcOr3l05NjLhZ9nk8HDufuY7fo.jpg\" alt=\"\" loading=\"lazy\"\/><\/figure>\n<figure class=\"wp-block-image size-large\"><img decoding=\"async\" src=\"https:\/\/framerusercontent.com\/images\/8xp1B13CEWEre0b504x1zKwyU.jpg\" alt=\"\" loading=\"lazy\"\/><\/figure>\n<figure class=\"wp-block-image size-large\"><img decoding=\"async\" src=\"https:\/\/framerusercontent.com\/images\/vqG04i0iuvcBU673IKmx2IkC0.jpg\" alt=\"\" loading=\"lazy\"\/><\/figure>\n<figure class=\"wp-block-image size-large\"><img decoding=\"async\" src=\"https:\/\/framerusercontent.com\/images\/xgFT1v0sofG56Jrb0wb4qwXkty8.jpg\" alt=\"\" loading=\"lazy\"\/><\/figure>\n<figure class=\"wp-block-image size-large\"><img decoding=\"async\" src=\"https:\/\/framerusercontent.com\/images\/C9CJzvgXneX98AXkJLbFfbNQQ8.jpg\" alt=\"\" loading=\"lazy\"\/><\/figure>\n<figure class=\"wp-block-image size-large\"><img decoding=\"async\" src=\"https:\/\/framerusercontent.com\/images\/NJNUHlYPEJDqAmPtSTyYeLEeDww.jpg\" alt=\"\" loading=\"lazy\"\/><\/figure>\n<figure class=\"wp-block-image size-large\"><img decoding=\"async\" src=\"https:\/\/framerusercontent.com\/images\/XQWW6XKrzyStkxnF6Q8gcqs8zuY.jpg\" alt=\"\" loading=\"lazy\"\/><\/figure>\n<figure class=\"wp-block-image size-large\"><img decoding=\"async\" src=\"https:\/\/framerusercontent.com\/images\/dErJAAX1yoMXtzorEv01yn0y30Q.jpg\" alt=\"\" loading=\"lazy\"\/><\/figure>\n<figure class=\"wp-block-image size-large\"><img decoding=\"async\" src=\"https:\/\/framerusercontent.com\/images\/0gtry0r0alzsF1EcyLYlAYYui00.jpg\" alt=\"\" loading=\"lazy\"\/><\/figure>\n<figure class=\"wp-block-image size-large\"><img decoding=\"async\" src=\"https:\/\/framerusercontent.com\/images\/TNau3rFWuRc50hU7XMQRLOzkQM.jpg\" alt=\"\" loading=\"lazy\"\/><\/figure>\n<figure class=\"wp-block-image size-large\"><img decoding=\"async\" src=\"https:\/\/framerusercontent.com\/images\/Dnt6iw35MYB51hu9JDcJ7XfbLU.jpg\" alt=\"\" loading=\"lazy\"\/><\/figure>\n<figure class=\"wp-block-image size-large\"><img decoding=\"async\" src=\"https:\/\/framerusercontent.com\/images\/10QOueEOOpAu29sTGFkzvzPg34.jpg\" alt=\"\" loading=\"lazy\"\/><\/figure>\n<\/div>\n","protected":false},"excerpt":{"rendered":"<p>Contexto El siglo XIX en Espa\u00f1a comienza con la famosa Guerra de la Independencia, enfrent\u00e1ndose y ganando al imperio napole\u00f3nico. El siglo da comienzo como un importante periodo\u2026<\/p>\n","protected":false},"author":2,"featured_media":0,"parent":0,"menu_order":206,"comment_status":"closed","ping_status":"closed","template":"","meta":{"two_page_speed":[],"footnotes":""},"class_list":["post-9157","page","type-page","status-publish","hentry"],"yoast_head":"<!-- This site is optimized with the Yoast SEO plugin v28.3 - https:\/\/yoast.com\/product\/yoast-seo-wordpress\/ -->\n<title>Siglo XIX - Asociaci\u00f3n Vicus Albus<\/title>\n<meta name=\"robots\" content=\"index, follow, max-snippet:-1, max-image-preview:large, max-video-preview:-1\" \/>\n<link rel=\"canonical\" href=\"https:\/\/vicusalbus.org\/?page_id=9157\" \/>\n<meta property=\"og:locale\" content=\"es_ES\" \/>\n<meta property=\"og:type\" content=\"article\" \/>\n<meta property=\"og:title\" content=\"Siglo XIX - Asociaci\u00f3n Vicus Albus\" \/>\n<meta property=\"og:description\" content=\"Contexto El siglo XIX en Espa\u00f1a comienza con la famosa Guerra de la Independencia, enfrent\u00e1ndose y ganando al imperio napole\u00f3nico. El siglo da comienzo como un importante periodo\u2026\" \/>\n<meta property=\"og:url\" content=\"https:\/\/vicusalbus.org\/?page_id=9157\" \/>\n<meta property=\"og:site_name\" content=\"Asociaci\u00f3n Vicus Albus\" \/>\n<meta property=\"og:image\" content=\"https:\/\/framerusercontent.com\/images\/UcOr3l05NjLhZ9nk8HDufuY7fo.jpg\" \/>\n<meta name=\"twitter:card\" content=\"summary_large_image\" \/>\n<meta name=\"twitter:label1\" content=\"Tiempo de lectura\" \/>\n\t<meta name=\"twitter:data1\" content=\"4 minutos\" \/>\n<script type=\"application\/ld+json\" class=\"yoast-schema-graph\">{\"@context\":\"https:\\\/\\\/schema.org\",\"@graph\":[{\"@type\":\"WebPage\",\"@id\":\"https:\\\/\\\/vicusalbus.org\\\/?page_id=9157\",\"url\":\"https:\\\/\\\/vicusalbus.org\\\/?page_id=9157\",\"name\":\"Siglo XIX - Asociaci\u00f3n Vicus Albus\",\"isPartOf\":{\"@id\":\"https:\\\/\\\/vicusalbus.org\\\/#website\"},\"primaryImageOfPage\":{\"@id\":\"https:\\\/\\\/vicusalbus.org\\\/?page_id=9157#primaryimage\"},\"image\":{\"@id\":\"https:\\\/\\\/vicusalbus.org\\\/?page_id=9157#primaryimage\"},\"thumbnailUrl\":\"https:\\\/\\\/framerusercontent.com\\\/images\\\/UcOr3l05NjLhZ9nk8HDufuY7fo.jpg\",\"datePublished\":\"2026-08-15T10:00:00+00:00\",\"breadcrumb\":{\"@id\":\"https:\\\/\\\/vicusalbus.org\\\/?page_id=9157#breadcrumb\"},\"inLanguage\":\"es\",\"potentialAction\":[{\"@type\":\"ReadAction\",\"target\":[\"https:\\\/\\\/vicusalbus.org\\\/?page_id=9157\"]}]},{\"@type\":\"ImageObject\",\"inLanguage\":\"es\",\"@id\":\"https:\\\/\\\/vicusalbus.org\\\/?page_id=9157#primaryimage\",\"url\":\"https:\\\/\\\/framerusercontent.com\\\/images\\\/UcOr3l05NjLhZ9nk8HDufuY7fo.jpg\",\"contentUrl\":\"https:\\\/\\\/framerusercontent.com\\\/images\\\/UcOr3l05NjLhZ9nk8HDufuY7fo.jpg\"},{\"@type\":\"BreadcrumbList\",\"@id\":\"https:\\\/\\\/vicusalbus.org\\\/?page_id=9157#breadcrumb\",\"itemListElement\":[{\"@type\":\"ListItem\",\"position\":1,\"name\":\"Portada\",\"item\":\"https:\\\/\\\/vicusalbus.org\\\/\"},{\"@type\":\"ListItem\",\"position\":2,\"name\":\"Siglo XIX\"}]},{\"@type\":\"WebSite\",\"@id\":\"https:\\\/\\\/vicusalbus.org\\\/#website\",\"url\":\"https:\\\/\\\/vicusalbus.org\\\/\",\"name\":\"Asociaci\u00f3n Vicus Albus\",\"description\":\"\",\"publisher\":{\"@id\":\"https:\\\/\\\/vicusalbus.org\\\/#organization\"},\"potentialAction\":[{\"@type\":\"SearchAction\",\"target\":{\"@type\":\"EntryPoint\",\"urlTemplate\":\"https:\\\/\\\/vicusalbus.org\\\/?s={search_term_string}\"},\"query-input\":{\"@type\":\"PropertyValueSpecification\",\"valueRequired\":true,\"valueName\":\"search_term_string\"}}],\"inLanguage\":\"es\"},{\"@type\":\"Organization\",\"@id\":\"https:\\\/\\\/vicusalbus.org\\\/#organization\",\"name\":\"Asociaci\u00f3n Vicus Albus\",\"url\":\"https:\\\/\\\/vicusalbus.org\\\/\",\"logo\":{\"@type\":\"ImageObject\",\"inLanguage\":\"es\",\"@id\":\"https:\\\/\\\/vicusalbus.org\\\/#\\\/schema\\\/logo\\\/image\\\/\",\"url\":\"https:\\\/\\\/vicusalbus.org\\\/wp-content\\\/uploads\\\/2024\\\/06\\\/logo.jpg\",\"contentUrl\":\"https:\\\/\\\/vicusalbus.org\\\/wp-content\\\/uploads\\\/2024\\\/06\\\/logo.jpg\",\"width\":333,\"height\":100,\"caption\":\"Asociaci\u00f3n Vicus Albus\"},\"image\":{\"@id\":\"https:\\\/\\\/vicusalbus.org\\\/#\\\/schema\\\/logo\\\/image\\\/\"}}]}<\/script>\n<!-- \/ Yoast SEO plugin. -->","yoast_head_json":{"title":"Siglo XIX - Asociaci\u00f3n Vicus Albus","robots":{"index":"index","follow":"follow","max-snippet":"max-snippet:-1","max-image-preview":"max-image-preview:large","max-video-preview":"max-video-preview:-1"},"canonical":"https:\/\/vicusalbus.org\/?page_id=9157","og_locale":"es_ES","og_type":"article","og_title":"Siglo XIX - Asociaci\u00f3n Vicus Albus","og_description":"Contexto El siglo XIX en Espa\u00f1a comienza con la famosa Guerra de la Independencia, enfrent\u00e1ndose y ganando al imperio napole\u00f3nico. El siglo da comienzo como un importante periodo\u2026","og_url":"https:\/\/vicusalbus.org\/?page_id=9157","og_site_name":"Asociaci\u00f3n Vicus Albus","og_image":[{"url":"https:\/\/framerusercontent.com\/images\/UcOr3l05NjLhZ9nk8HDufuY7fo.jpg","type":"","width":"","height":""}],"twitter_card":"summary_large_image","twitter_misc":{"Tiempo de lectura":"4 minutos"},"schema":{"@context":"https:\/\/schema.org","@graph":[{"@type":"WebPage","@id":"https:\/\/vicusalbus.org\/?page_id=9157","url":"https:\/\/vicusalbus.org\/?page_id=9157","name":"Siglo XIX - Asociaci\u00f3n Vicus Albus","isPartOf":{"@id":"https:\/\/vicusalbus.org\/#website"},"primaryImageOfPage":{"@id":"https:\/\/vicusalbus.org\/?page_id=9157#primaryimage"},"image":{"@id":"https:\/\/vicusalbus.org\/?page_id=9157#primaryimage"},"thumbnailUrl":"https:\/\/framerusercontent.com\/images\/UcOr3l05NjLhZ9nk8HDufuY7fo.jpg","datePublished":"2026-08-15T10:00:00+00:00","breadcrumb":{"@id":"https:\/\/vicusalbus.org\/?page_id=9157#breadcrumb"},"inLanguage":"es","potentialAction":[{"@type":"ReadAction","target":["https:\/\/vicusalbus.org\/?page_id=9157"]}]},{"@type":"ImageObject","inLanguage":"es","@id":"https:\/\/vicusalbus.org\/?page_id=9157#primaryimage","url":"https:\/\/framerusercontent.com\/images\/UcOr3l05NjLhZ9nk8HDufuY7fo.jpg","contentUrl":"https:\/\/framerusercontent.com\/images\/UcOr3l05NjLhZ9nk8HDufuY7fo.jpg"},{"@type":"BreadcrumbList","@id":"https:\/\/vicusalbus.org\/?page_id=9157#breadcrumb","itemListElement":[{"@type":"ListItem","position":1,"name":"Portada","item":"https:\/\/vicusalbus.org\/"},{"@type":"ListItem","position":2,"name":"Siglo XIX"}]},{"@type":"WebSite","@id":"https:\/\/vicusalbus.org\/#website","url":"https:\/\/vicusalbus.org\/","name":"Asociaci\u00f3n Vicus Albus","description":"","publisher":{"@id":"https:\/\/vicusalbus.org\/#organization"},"potentialAction":[{"@type":"SearchAction","target":{"@type":"EntryPoint","urlTemplate":"https:\/\/vicusalbus.org\/?s={search_term_string}"},"query-input":{"@type":"PropertyValueSpecification","valueRequired":true,"valueName":"search_term_string"}}],"inLanguage":"es"},{"@type":"Organization","@id":"https:\/\/vicusalbus.org\/#organization","name":"Asociaci\u00f3n Vicus Albus","url":"https:\/\/vicusalbus.org\/","logo":{"@type":"ImageObject","inLanguage":"es","@id":"https:\/\/vicusalbus.org\/#\/schema\/logo\/image\/","url":"https:\/\/vicusalbus.org\/wp-content\/uploads\/2024\/06\/logo.jpg","contentUrl":"https:\/\/vicusalbus.org\/wp-content\/uploads\/2024\/06\/logo.jpg","width":333,"height":100,"caption":"Asociaci\u00f3n Vicus Albus"},"image":{"@id":"https:\/\/vicusalbus.org\/#\/schema\/logo\/image\/"}}]}},"_links":{"self":[{"href":"https:\/\/vicusalbus.org\/index.php?rest_route=\/wp\/v2\/pages\/9157","targetHints":{"allow":["GET"]}}],"collection":[{"href":"https:\/\/vicusalbus.org\/index.php?rest_route=\/wp\/v2\/pages"}],"about":[{"href":"https:\/\/vicusalbus.org\/index.php?rest_route=\/wp\/v2\/types\/page"}],"author":[{"embeddable":true,"href":"https:\/\/vicusalbus.org\/index.php?rest_route=\/wp\/v2\/users\/2"}],"replies":[{"embeddable":true,"href":"https:\/\/vicusalbus.org\/index.php?rest_route=%2Fwp%2Fv2%2Fcomments&post=9157"}],"version-history":[{"count":0,"href":"https:\/\/vicusalbus.org\/index.php?rest_route=\/wp\/v2\/pages\/9157\/revisions"}],"wp:attachment":[{"href":"https:\/\/vicusalbus.org\/index.php?rest_route=%2Fwp%2Fv2%2Fmedia&parent=9157"}],"curies":[{"name":"wp","href":"https:\/\/api.w.org\/{rel}","templated":true}]}}